{"id":2768760,"date":"2023-11-29T21:23:49","date_gmt":"2023-11-29T20:23:49","guid":{"rendered":"https:\/\/www.soelvahof.com\/weindorf-kaltern-italiano\/"},"modified":"2025-02-16T15:42:00","modified_gmt":"2025-02-16T14:42:00","slug":"paese","status":"publish","type":"page","link":"https:\/\/www.soelvahof.com\/it\/caldaro\/paese\/","title":{"rendered":"Caldaro al lago"},"content":{"rendered":"<div id=\"cs-content\" class=\"cs-content\"><div class=\"x-section e2768760-e1 m1nce0-0 m1nce0-1 m1nce0-2 m1nce0-3\"><div class=\"x-row x-container max width e2768760-e2 m1nce0-e m1nce0-f m1nce0-g m1nce0-h m1nce0-i m1nce0-j m1nce0-r m1nce0-s\"><div class=\"x-row-inner\"><div class=\"x-col x-hide-md x-hide-sm x-hide-xs e2768760-e3 m1nce0-14\"><\/div><div class=\"x-col x-hide-lg x-hide-xl e2768760-e5 m1nce0-14\"><\/div><\/div><\/div><\/div><div class=\"x-section e2768760-e7 m1nce0-0 m1nce0-1 m1nce0-2 m1nce0-3 m1nce0-4\"><div class=\"x-row x-container max width e2768760-e8 m1nce0-e m1nce0-h m1nce0-i m1nce0-j m1nce0-k m1nce0-l m1nce0-r m1nce0-t\"><div class=\"x-row-inner\"><div class=\"x-col e2768760-e9 m1nce0-14\"><div class=\"cs-content x-global-block x-global-block-815605 x-hide-xs e2768760-e10\"><div class=\"x-section x-hide-xs e815605-e2 mhhbp-0\"><div class=\"x-row e815605-e3 mhhbp-1 mhhbp-2\"><div class=\"x-row-inner\"><div class=\"x-col e815605-e4 mhhbp-3\"><nav class=\"x-crumbs e815605-e5 mhhbp-4\" role=\"navigation\"><ol class=\"x-crumbs-list\" itemscope=\"\" itemtype=\"http:\/\/schema.org\/BreadcrumbList\" aria-label=\"Breadcrumb Navigation\"><li class=\"x-crumbs-list-item\" itemprop=\"itemListElement\" itemscope itemtype=\"http:\/\/schema.org\/ListItem\"><a class=\"x-crumbs-current x-crumbs-link\" itemtype=\"http:\/\/schema.org\/Thing\" itemprop=\"item\" href=\"https:\/\/www.soelvahof.com\/it\/\" title=\"You Are Here\"><span itemprop=\"name\">Home<\/span><\/a><meta itemprop=\"position\" content=\"1\"><\/li><\/ol><\/nav><\/div><\/div><\/div><\/div><\/div><\/div><\/div><\/div><\/div><div class=\"x-section e2768760-e11 m1nce0-2 m1nce0-3 m1nce0-5\"><div class=\"x-row x-container max width e2768760-e12 m1nce0-e m1nce0-f m1nce0-g m1nce0-j m1nce0-m m1nce0-r m1nce0-u\"><div class=\"x-row-inner\"><div class=\"x-col e2768760-e13 m1nce0-14\"><div class=\"x-text x-text-headline e2768760-e14-v0 m1nce0-16 m1nce0-17 m1nce0-18 m1nce0-19 m1nce0-7 m1nce0-8 m1nce0-9 x-effect-exit\" data-x-effect=\"{&quot;scroll&quot;:true,&quot;offsetTop&quot;:&quot;0%&quot;,&quot;offsetBottom&quot;:&quot;0%&quot;,&quot;behaviorScroll&quot;:&quot;fire-once&quot;}\"><div class=\"x-text-content\"><div class=\"x-text-content-text\"><h1 class=\"x-text-content-text-primary\">Caldaro al lago<\/h1>\n<h2 class=\"x-text-content-text-subheadline\">Un angolo di paradiso in Alto Adige<\/h2><\/div><\/div><\/div><\/div><\/div><\/div><\/div><div class=\"x-section e2768760-e15 m1nce0-0 m1nce0-1 m1nce0-2 m1nce0-3\"><div class=\"x-row x-container max width e2768760-e16 m1nce0-e m1nce0-i m1nce0-j m1nce0-k m1nce0-l m1nce0-n m1nce0-r m1nce0-v\"><div class=\"x-row-inner\"><div class=\"x-col e2768760-e17 m1nce0-14\"><div class=\"x-text x-content e2768760-e18 m1nce0-1d m1nce0-1e m1nce0-1f m1nce0-1g m1nce0-7 m1nce0-9 m1nce0-a x-effect-exit\" data-x-effect=\"{&quot;scroll&quot;:true,&quot;offsetTop&quot;:&quot;0%&quot;,&quot;offsetBottom&quot;:&quot;0%&quot;,&quot;behaviorScroll&quot;:&quot;fire-once&quot;}\"><span>Il paese di Caldaro si estende ai piedi del massiccio della Mendola, circa 15 chilometri a sud-ovest del capoluogo di provincia, Bolzano. Il lago di Caldaro \u00e9 adagiato in un mare di vigneti, nella frazione \u201eS. Giuseppe\u201c. Il binomio lago e vino ha reso famoso questo incantevole paese.<\/span><\/div><div data-x-element-text-type=\"{&quot;strings&quot;:[&quot; solo al nord...&amp;#039;&amp;#039;&quot;,&quot;&quot;],&quot;type_speed&quot;:50,&quot;back_speed&quot;:50,&quot;start_delay&quot;:0,&quot;back_delay&quot;:1000000,&quot;loop&quot;:false,&quot;show_cursor&quot;:true,&quot;cursor&quot;:&quot;|&quot;}\" class=\"x-text x-text-headline e2768760-e19 m1nce0-17 m1nce0-19 m1nce0-1a m1nce0-1b m1nce0-7 m1nce0-8 m1nce0-9 h2-responsive x-effect-exit\" data-x-effect=\"{&quot;scroll&quot;:true,&quot;offsetTop&quot;:&quot;0%&quot;,&quot;offsetBottom&quot;:&quot;0%&quot;,&quot;behaviorScroll&quot;:&quot;fire-once&quot;}\"><div class=\"x-text-content\"><div class=\"x-text-content-text\"><h2 class=\"x-text-content-text-primary\">&#039;&#039;Come al sud...<span class=\"x-text-typing\"><\/span><\/h2>\n<span class=\"x-text-content-text-subheadline\">Caldaro, un angolo di paradiso in Alto Adige.<\/span><\/div><\/div><\/div><div class=\"x-text x-content e2768760-e20 m1nce0-1e m1nce0-1f m1nce0-1g m1nce0-1h m1nce0-1i m1nce0-7 m1nce0-9 m1nce0-a x-effect-exit\" data-x-effect=\"{&quot;scroll&quot;:true,&quot;offsetTop&quot;:&quot;0%&quot;,&quot;offsetBottom&quot;:&quot;0%&quot;,&quot;behaviorScroll&quot;:&quot;fire-once&quot;}\"><p>Venendo da nord stupisce molto il fascino del sud non molto tempo dopo aver attraversato il Brennero. Eppure quasi tutti qui parlano tedesco, con l'italiano in mezzo. Vivi il lago e la montagna. Stile &Uuml;beretscher e architettura contemporanea. Vino rosso e bianco. Uva e mele. Un angolo di paradiso nel sud dell'Alto Adige, nel nord dell'Italia.<\/p><\/div><\/div><\/div><\/div><div class=\"x-row x-container max width e2768760-e21 m1nce0-e m1nce0-f m1nce0-i m1nce0-n m1nce0-o m1nce0-p m1nce0-w m1nce0-x m1nce0-7 m1nce0-8 m1nce0-9 x-effect-exit\" data-x-effect=\"{&quot;scroll&quot;:true,&quot;offsetTop&quot;:&quot;0%&quot;,&quot;offsetBottom&quot;:&quot;0%&quot;,&quot;behaviorScroll&quot;:&quot;fire-once&quot;}\"><div class=\"x-row-inner\"><div class=\"x-col e2768760-e22 m1nce0-14\"><div class=\"x-text x-text-headline e2768760-e23-v0 m1nce0-17 m1nce0-18 m1nce0-1b m1nce0-1c\"><div class=\"x-text-content\"><div class=\"x-text-content-text\"><h3 class=\"x-text-content-text-primary\">Cultura del vino e storia del vino<\/h3>\n<\/div><\/div><\/div><div class=\"x-text x-content e2768760-e24 m1nce0-1d m1nce0-1e m1nce0-1f m1nce0-1g\">A Caldaro la storia \u00e8 spesso storia del vino, la cultura \u00e8 spesso anche cultura del vino. Il Museo del Vino dell'Alto Adige \u00e8 qui, c'\u00e8 la casa del vino e innumerevoli cantine, enoteche e osterie. Vino ad ogni angolo, spesso nella veste storica dello stile architettonico dell'Oltradige, ma sempre pi\u00f9 anche nella suggestiva architettura contemporanea. Alcuni degli edifici sono segnalati ben oltre i confini.<\/div><\/div><\/div><\/div><div class=\"x-row x-container max width e2768760-e25 m1nce0-e m1nce0-f m1nce0-i m1nce0-n m1nce0-o m1nce0-p m1nce0-w m1nce0-y m1nce0-7 m1nce0-8 m1nce0-9 x-effect-exit\" data-x-effect=\"{&quot;scroll&quot;:true,&quot;offsetTop&quot;:&quot;0%&quot;,&quot;offsetBottom&quot;:&quot;0%&quot;,&quot;behaviorScroll&quot;:&quot;fire-once&quot;}\"><div class=\"x-row-inner\"><div class=\"x-col e2768760-e26 m1nce0-14\"><div class=\"x-text x-text-headline e2768760-e27-v0 m1nce0-17 m1nce0-18 m1nce0-1b m1nce0-1c\"><div class=\"x-text-content\"><div class=\"x-text-content-text\"><h3 class=\"x-text-content-text-primary\">Cultura del vino e storia del vino<\/h3>\n<\/div><\/div><\/div><div class=\"x-text x-content e2768760-e28 m1nce0-1d m1nce0-1e m1nce0-1f m1nce0-1g\">A Caldaro la storia \u00e8 spesso storia del vino, la cultura \u00e8 spesso anche cultura del vino. Il Museo del Vino dell'Alto Adige \u00e8 qui, c'\u00e8 la casa del vino e innumerevoli cantine, enoteche e osterie. Vino ad ogni angolo, spesso nella veste storica dello stile architettonico dell'Oltradige, ma sempre pi\u00f9 anche nella suggestiva architettura contemporanea. Alcuni degli edifici sono segnalati ben oltre i confini.<\/div><\/div><\/div><\/div><div class=\"x-grid x-container max width e2768760-e29 m1nce0-1l\"><div class=\"x-cell e2768760-e30 m1nce0-1m\"><span class=\"x-image e2768760-e31 m1nce0-1n m1nce0-1o m1nce0-7 m1nce0-b x-effect-exit\" data-x-effect=\"{&quot;scroll&quot;:true,&quot;offsetTop&quot;:&quot;0%&quot;,&quot;offsetBottom&quot;:&quot;0%&quot;,&quot;behaviorScroll&quot;:&quot;fire-once&quot;}\"><img decoding=\"async\" src=\"https:\/\/www.soelvahof.com\/img\/sh_content_1440_kaltern_4.jpg\" width=\"720\" height=\"1080\" alt=\"Image\"><\/span><\/div><div class=\"x-cell e2768760-e32 m1nce0-1m\"><span class=\"x-image e2768760-e33 m1nce0-1n m1nce0-1p m1nce0-7 m1nce0-b m1nce0-c x-effect-exit\" data-x-effect=\"{&quot;scroll&quot;:true,&quot;offsetTop&quot;:&quot;0%&quot;,&quot;offsetBottom&quot;:&quot;0%&quot;,&quot;behaviorScroll&quot;:&quot;fire-once&quot;}\"><img decoding=\"async\" src=\"https:\/\/www.soelvahof.com\/img\/sh_content_1440_kaltern_3.jpg\" width=\"720\" height=\"1080\" alt=\"Kalterer See\"><\/span><\/div><\/div><div class=\"x-row x-container max width e2768760-e34 m1nce0-e m1nce0-f m1nce0-i m1nce0-n m1nce0-o m1nce0-p m1nce0-w m1nce0-z m1nce0-7 m1nce0-8 m1nce0-9 x-effect-exit\" data-x-effect=\"{&quot;scroll&quot;:true,&quot;offsetTop&quot;:&quot;0%&quot;,&quot;offsetBottom&quot;:&quot;0%&quot;,&quot;behaviorScroll&quot;:&quot;fire-once&quot;}\"><div class=\"x-row-inner\"><div class=\"x-col e2768760-e35 m1nce0-14\"><div class=\"x-text x-text-headline e2768760-e36-v0 m1nce0-17 m1nce0-18 m1nce0-1b m1nce0-1c\"><div class=\"x-text-content\"><div class=\"x-text-content-text\"><h3 class=\"x-text-content-text-primary\">Clima e meteo<\/h3>\n<\/div><\/div><\/div><div class=\"x-text x-content e2768760-e37 m1nce0-1d m1nce0-1e m1nce0-1f m1nce0-1g\">Caldaro ha un clima mediterraneo. Il Lago di Caldaro e le imponenti montagne locali con i venti caldi sono il fattore climatico numero 1 nel sud dell'Alto Adige. La stagione calda inizia a marzo e spesso termina ad ottobre dell'anno. In quale altro luogo delle Alpi puoi trovare ulivi e palme, vigneti e meleti?<\/div><\/div><\/div><\/div><div class=\"x-row x-container max width e2768760-e38 m1nce0-e m1nce0-f m1nce0-i m1nce0-n m1nce0-o m1nce0-p m1nce0-w m1nce0-10 m1nce0-7 m1nce0-8 m1nce0-9 x-effect-exit\" data-x-effect=\"{&quot;scroll&quot;:true,&quot;offsetTop&quot;:&quot;0%&quot;,&quot;offsetBottom&quot;:&quot;0%&quot;,&quot;behaviorScroll&quot;:&quot;fire-once&quot;}\"><div class=\"x-row-inner\"><div class=\"x-col e2768760-e39 m1nce0-14\"><div class=\"x-text x-text-headline e2768760-e40-v0 m1nce0-17 m1nce0-18 m1nce0-1b m1nce0-1c\"><div class=\"x-text-content\"><div class=\"x-text-content-text\"><h3 class=\"x-text-content-text-primary\">Cucina altoatesina e cucina italiana<\/h3>\n<\/div><\/div><\/div><div class=\"x-text x-content e2768760-e41 m1nce0-1d m1nce0-1e m1nce0-1f m1nce0-1g\">Con il vino viene l'appetito. La cucina collega anche nord e sud. Ci sono gnocchi, pancetta e polenta; Pesce di lago e la migliore cucina mediterranea. Da non dimenticare il famoso \u201cT\u00f6rggelen\u201d, l'usanza di degustare insieme il vino nuovo in autunno. Si possono mangiare anche pancetta, radice di camino, carne affumicata, crauti e gnocchi, seguiti da caldarroste e ciambelle dolci.<\/div><\/div><\/div><\/div><div class=\"x-row x-container max width e2768760-e42 m1nce0-e m1nce0-f m1nce0-i m1nce0-n m1nce0-o m1nce0-p m1nce0-w m1nce0-11 m1nce0-7 m1nce0-8 m1nce0-9 x-effect-exit\" data-x-effect=\"{&quot;scroll&quot;:true,&quot;offsetTop&quot;:&quot;0%&quot;,&quot;offsetBottom&quot;:&quot;0%&quot;,&quot;behaviorScroll&quot;:&quot;fire-once&quot;}\"><div class=\"x-row-inner\"><div class=\"x-col e2768760-e43 m1nce0-14\"><div class=\"x-text x-text-headline e2768760-e44-v0 m1nce0-17 m1nce0-18 m1nce0-1b m1nce0-1c\"><div class=\"x-text-content\"><div class=\"x-text-content-text\"><h3 class=\"x-text-content-text-primary\">La piazza principale<\/h3>\n<\/div><\/div><\/div><div class=\"x-text x-content e2768760-e45 m1nce0-1d m1nce0-1e m1nce0-1f m1nce0-1g\"><p><span>Le persone sono tutte molto diverse, \u00e8 difficile trovare delle similtudini. \u00c8 interessante soffermarsi su queste diversit\u00e0, sopratutto appena arrivati, quando si colgono le prime impressioni. Il luogo ideale per farlo \u00e8 la <\/span><span>Piazza Principale di Caldaro<\/span><span>. Stare semplicemente a guardare, sorseggiando un caff\u00e9, rallentando i ritmi della qutidianit\u00e0.<\/span><br \/>\n<br \/>\n<span>Arriva l'ora di pensare a qualche souvenir da portare a casa, di scrivere una cartolina. Un ottimo pretesto per fermarsi in un altro caff\u00e9. Comprare cose utili e meno utili, senza costrizioni. A mezzogiorno (forse) un bicchiere di bianco come aperitivo.<\/span><\/p><\/div><\/div><\/div><\/div><\/div><div class=\"x-section e2768760-e46 m1nce0-0 m1nce0-2 m1nce0-6\"><div class=\"x-row x-container max width e2768760-e47-v0 m1nce0-e m1nce0-i m1nce0-n m1nce0-p m1nce0-q m1nce0-w m1nce0-12 m1nce0-7 m1nce0-8 m1nce0-9 x-effect-exit\" data-x-effect=\"{&quot;scroll&quot;:true,&quot;offsetTop&quot;:&quot;0px&quot;,&quot;offsetBottom&quot;:&quot;0%&quot;,&quot;behaviorScroll&quot;:&quot;fire-once&quot;}\"><div class=\"x-row-inner\"><div class=\"x-col e2768760-e47-v1 m1nce0-14 m1nce0-15\"><hr class=\"x-line e2768760-e47-v2 m1nce0-1q\"\/><\/div><div class=\"x-col e2768760-e47-v3 m1nce0-14 m1nce0-15\"><div class=\"x-text x-content e2768760-e47-v4 m1nce0-1e m1nce0-1i m1nce0-1j\">Forse le interessano queste pagine<\/div><\/div><\/div><\/div><div class=\"x-row x-container max width e2768760-e48 m1nce0-e m1nce0-i m1nce0-k m1nce0-n m1nce0-p m1nce0-w m1nce0-13\"><div class=\"x-row-inner\"><div class=\"x-col e2768760-e49 m1nce0-14\"><div class=\"x-text x-content e2768760-e50 m1nce0-1d m1nce0-1e m1nce0-1f m1nce0-1k m1nce0-7 m1nce0-9 m1nce0-d x-effect-exit\" data-x-effect=\"{&quot;scroll&quot;:true,&quot;offsetTop&quot;:&quot;0%&quot;,&quot;offsetBottom&quot;:&quot;0%&quot;,&quot;behaviorScroll&quot;:&quot;fire-once&quot;}\"><p><a href=\"https:\/\/www.kaltern.com\/it\/rete-wlan-gratuita-nel-centro-di-caldaro-e-sul-lago.html\" target=\"_blank\" rel=\"noopener\"><span><i  class=\"x-icon x-icon-o-angle-right\" data-x-icon-o=\"&#xf105;\" aria-hidden=\"true\"><\/i> <\/span>Wi-Fi gratuito in Piazza a Caldaro.<\/a><br \/>\n<a href=\"https:\/\/www.kaltern.com\/it\/mercato-del-contadino.html\" target=\"_blank\" rel=\"noopener\"><span><i  class=\"x-icon x-icon-o-angle-right\" data-x-icon-o=\"&#xf105;\" aria-hidden=\"true\"><\/i> <\/span>Mercato contadino di Caldaro in Piazza<\/a><br \/>\n<a href=\"https:\/\/www.kaltern.com\/it\/ristoranti-pizzerie.html\" target=\"_blank\" rel=\"noopener\"><span><i  class=\"x-icon x-icon-o-angle-right\" data-x-icon-o=\"&#xf105;\" aria-hidden=\"true\"><\/i> Ristoranti e pizzerie<\/span><\/a><\/p><\/div><\/div><\/div><\/div><\/div><\/div>","protected":false},"excerpt":{"rendered":"<p>HomeCaldaro al lago Un angolo di paradiso in Alto AdigeIl paese di Caldaro si estende ai piedi del massiccio della Mendola, circa 15 chilometri a sud-ovest del capoluogo di provincia, Bolzano. Il lago di Caldaro \u00e9 adagiato in un mare di vigneti, nella frazione \u201eS. Giuseppe\u201c. Il binomio lago e vino ha reso famoso questo incantevole paese.&#039;&#039;Come al sud&#8230; Caldaro, &#8230;<\/p>\n","protected":false},"author":1,"featured_media":0,"parent":2768900,"menu_order":1,"comment_status":"closed","ping_status":"closed","template":"","meta":{"inline_featured_image":false,"footnotes":""},"class_list":["post-2768760","page","type-page","status-publish","hentry","no-post-thumbnail"],"_links":{"self":[{"href":"https:\/\/www.soelvahof.com\/it\/wp-json\/wp\/v2\/pages\/2768760","targetHints":{"allow":["GET"]}}],"collection":[{"href":"https:\/\/www.soelvahof.com\/it\/wp-json\/wp\/v2\/pages"}],"about":[{"href":"https:\/\/www.soelvahof.com\/it\/wp-json\/wp\/v2\/types\/page"}],"author":[{"embeddable":true,"href":"https:\/\/www.soelvahof.com\/it\/wp-json\/wp\/v2\/users\/1"}],"replies":[{"embeddable":true,"href":"https:\/\/www.soelvahof.com\/it\/wp-json\/wp\/v2\/comments?post=2768760"}],"version-history":[{"count":7,"href":"https:\/\/www.soelvahof.com\/it\/wp-json\/wp\/v2\/pages\/2768760\/revisions"}],"predecessor-version":[{"id":2769215,"href":"https:\/\/www.soelvahof.com\/it\/wp-json\/wp\/v2\/pages\/2768760\/revisions\/2769215"}],"up":[{"embeddable":true,"href":"https:\/\/www.soelvahof.com\/it\/wp-json\/wp\/v2\/pages\/2768900"}],"wp:attachment":[{"href":"https:\/\/www.soelvahof.com\/it\/wp-json\/wp\/v2\/media?parent=2768760"}],"curies":[{"name":"wp","href":"https:\/\/api.w.org\/{rel}","templated":true}]}}