{"id":2768842,"date":"2023-12-01T19:48:04","date_gmt":"2023-12-01T18:48:04","guid":{"rendered":"https:\/\/www.soelvahof.com\/anreise-italiano\/"},"modified":"2025-02-16T15:50:04","modified_gmt":"2025-02-16T14:50:04","slug":"arrivo","status":"publish","type":"page","link":"https:\/\/www.soelvahof.com\/it\/info\/arrivo\/","title":{"rendered":"Contatto e arrivo"},"content":{"rendered":"<div id=\"cs-content\" class=\"cs-content\"><div class=\"x-section e2768842-e1 m1ncga-0 m1ncga-1 m1ncga-2 m1ncga-3\"><div class=\"x-row x-container max width e2768842-e2 m1ncga-f m1ncga-g m1ncga-h m1ncga-i m1ncga-j m1ncga-t m1ncga-u\"><div class=\"x-row-inner\"><div class=\"x-col x-hide-md x-hide-sm x-hide-xs e2768842-e3 m1ncga-18 m1ncga-19 m1ncga-1a\"><\/div><div class=\"x-col x-hide-lg x-hide-xl e2768842-e5 m1ncga-18 m1ncga-19 m1ncga-1a\"><\/div><\/div><\/div><\/div><div class=\"x-section e2768842-e7 m1ncga-0 m1ncga-1 m1ncga-2 m1ncga-3 m1ncga-4\"><div class=\"x-row x-container max width e2768842-e8 m1ncga-f m1ncga-h m1ncga-i m1ncga-j m1ncga-k m1ncga-l m1ncga-t m1ncga-v\"><div class=\"x-row-inner\"><div class=\"x-col e2768842-e9 m1ncga-18 m1ncga-19 m1ncga-1a\"><div class=\"cs-content x-global-block x-global-block-815605 x-hide-xs e2768842-e10\"><div class=\"x-section x-hide-xs e815605-e2 mhhbp-0\"><div class=\"x-row e815605-e3 mhhbp-1 mhhbp-2\"><div class=\"x-row-inner\"><div class=\"x-col e815605-e4 mhhbp-3\"><nav class=\"x-crumbs e815605-e5 mhhbp-4\" role=\"navigation\"><ol class=\"x-crumbs-list\" itemscope=\"\" itemtype=\"http:\/\/schema.org\/BreadcrumbList\" aria-label=\"Breadcrumb Navigation\"><li class=\"x-crumbs-list-item\" itemprop=\"itemListElement\" itemscope itemtype=\"http:\/\/schema.org\/ListItem\"><a class=\"x-crumbs-current x-crumbs-link\" itemtype=\"http:\/\/schema.org\/Thing\" itemprop=\"item\" href=\"https:\/\/www.soelvahof.com\/it\/\" title=\"You Are Here\"><span itemprop=\"name\">Home<\/span><\/a><meta itemprop=\"position\" content=\"1\"><\/li><\/ol><\/nav><\/div><\/div><\/div><\/div><\/div><\/div><\/div><\/div><\/div><div class=\"x-section e2768842-e11 m1ncga-1 m1ncga-2 m1ncga-3 m1ncga-5\"><div class=\"x-row x-container max width e2768842-e12 m1ncga-f m1ncga-g m1ncga-j m1ncga-m m1ncga-t m1ncga-w\"><div class=\"x-row-inner\"><div class=\"x-col e2768842-e13 m1ncga-18 m1ncga-19 m1ncga-1a\"><div class=\"x-text x-text-headline e2768842-e14-v0 m1ncga-1e m1ncga-1f m1ncga-8 m1ncga-9 m1ncga-a x-effect-exit\" data-x-effect=\"{&quot;scroll&quot;:true,&quot;offsetTop&quot;:&quot;0%&quot;,&quot;offsetBottom&quot;:&quot;0%&quot;,&quot;behaviorScroll&quot;:&quot;fire-once&quot;}\"><div class=\"x-text-content\"><div class=\"x-text-content-text\"><h1 class=\"x-text-content-text-primary\">Contatto e arrivo<\/h1>\n<h2 class=\"x-text-content-text-subheadline\">Come raggiungerci nel modo pi\u00f9 veloce<\/h2><\/div><\/div><\/div><\/div><\/div><\/div><\/div><div class=\"x-section e2768842-e15 m1ncga-0 m1ncga-1 m1ncga-2 m1ncga-6\"><div class=\"x-row x-container max width e2768842-e16 m1ncga-f m1ncga-i m1ncga-j m1ncga-k m1ncga-l m1ncga-n m1ncga-t m1ncga-x\"><div class=\"x-row-inner\"><div class=\"x-col e2768842-e17 m1ncga-18 m1ncga-19 m1ncga-1a\"><div class=\"x-text x-content e2768842-e18 m1ncga-1h m1ncga-1i m1ncga-1j m1ncga-1k m1ncga-1l m1ncga-8 m1ncga-a m1ncga-b x-effect-exit\" data-x-effect=\"{&quot;scroll&quot;:true,&quot;offsetTop&quot;:&quot;0%&quot;,&quot;offsetBottom&quot;:&quot;0%&quot;,&quot;behaviorScroll&quot;:&quot;fire-once&quot;}\">Qui troverete tutto il necessario per il vostro arrivo rapido e confortevole al S\u00f6lvahof.<\/div><div class=\"x-text x-content e2768842-e19 m1ncga-1j m1ncga-1k m1ncga-1l m1ncga-1m m1ncga-8 m1ncga-a m1ncga-b x-effect-exit\" data-x-effect=\"{&quot;scroll&quot;:true,&quot;offsetTop&quot;:&quot;0%&quot;,&quot;offsetBottom&quot;:&quot;0%&quot;,&quot;behaviorScroll&quot;:&quot;fire-once&quot;}\"><p>Il S\u00f6lvahof, la vostra destinazione per le prossime vacanze a Caldaro, si trova nella frazione di Caldaro Paese, a due passi dal centro storico. Potete raggiungerci comodamente in auto o, grazie alla nostra posizione eccellente e alle buone connessioni, anche con i mezzi pubblici. La fermata dell'autobus per Bolzano si trova proprio dietro il nostro agriturismo.<\/p>\n<p>Se arrivate in treno, saremo lieti di venirvi a prendere su richiesta alla stazione di Bolzano o di Ora.<\/p><\/div><\/div><\/div><\/div><div class=\"x-row x-container max width e2768842-e20 m1ncga-f m1ncga-i m1ncga-j m1ncga-l m1ncga-n m1ncga-o m1ncga-p m1ncga-t m1ncga-y\"><div class=\"x-row-inner\"><div class=\"x-col e2768842-e21 m1ncga-18 m1ncga-19 m1ncga-1a\"><div class=\"x-row e2768842-e22 m1ncga-f m1ncga-i m1ncga-k m1ncga-n m1ncga-q m1ncga-z m1ncga-10\"><div class=\"x-row-inner\"><div class=\"x-col e2768842-e23 m1ncga-18 m1ncga-1b m1ncga-8 m1ncga-9 m1ncga-a x-effect-exit\" data-x-effect=\"{&quot;scroll&quot;:true,&quot;offsetTop&quot;:&quot;0%&quot;,&quot;offsetBottom&quot;:&quot;0%&quot;,&quot;behaviorScroll&quot;:&quot;fire-once&quot;}\"><div class=\"x-text x-text-headline e2768842-e24-v0 m1ncga-1f m1ncga-1g\"><div class=\"x-text-content\"><div class=\"x-text-content-text\"><h3 class=\"x-text-content-text-primary\">Indirizzo<\/h3>\n<\/div><\/div><\/div><hr class=\"x-line e2768842-e25 m1ncga-1p m1ncga-1q\"\/><div class=\"x-text x-content e2768842-e26 m1ncga-1j m1ncga-1k m1ncga-1l m1ncga-1m\"><p>S&ouml;lvahof | Famiglia S&ouml;lva <br \/>Via Europa 2\/A<br \/>39052 Caldaro s.s.d.v.<br \/>Alto Adige - Italia<\/p><\/div><\/div><div class=\"x-col e2768842-e27 m1ncga-18 m1ncga-1b m1ncga-8 m1ncga-9 m1ncga-a x-effect-exit\" data-x-effect=\"{&quot;scroll&quot;:true,&quot;offsetTop&quot;:&quot;0px&quot;,&quot;offsetBottom&quot;:&quot;0%&quot;,&quot;behaviorScroll&quot;:&quot;fire-once&quot;}\"><div class=\"x-text x-text-headline e2768842-e28-v0 m1ncga-1f m1ncga-1g\"><div class=\"x-text-content\"><div class=\"x-text-content-text\"><h3 class=\"x-text-content-text-primary\">Coordinate<\/h3>\n<\/div><\/div><\/div><hr class=\"x-line e2768842-e29 m1ncga-1p m1ncga-1q\"\/><div class=\"x-text x-content e2768842-e30 m1ncga-1j m1ncga-1k m1ncga-1l m1ncga-1m\"><p>Grado di latitudine: 46.4122022<br \/>\nGrado di longitudine: 11.240568<\/p><\/div><\/div><\/div><\/div><\/div><\/div><\/div><div class=\"x-row x-container max width e2768842-e31 m1ncga-f m1ncga-i m1ncga-k m1ncga-n m1ncga-q m1ncga-z m1ncga-11\"><div class=\"x-row-inner\"><div class=\"x-col e2768842-e32 m1ncga-18 m1ncga-19 m1ncga-1c m1ncga-1d\"><a class=\"x-anchor x-anchor-button e2768842-e33-v0 m1ncga-1s m1ncga-8 m1ncga-9 m1ncga-a x-effect-exit\" tabindex=\"0\" href=\"https:\/\/www.google.com\/maps\/dir\/\/S\u00f6lvahof+-+Urlaub+auf+dem+Bauernhof,+Via+Europa,+2%2FA,+39052+Kaltern+an+der+Weinstra\u00dfe.,+Autonome+Provinz+Bozen+-+S\u00fcdtirol\/@46.4122022,11.240568,1240m\/data=!3m1!1e3!4m17!1m7!3m6!1s0x478284bbf12ffcef:0x38da7260719dcafb!2sS\u00f6lvahof+-+Urlaub+auf+dem+Bauernhof!8m2!3d46.4122022!4d11.242762!16s%2Fg%2F1tk_hkvf!4m8!1m0!1m5!1m1!1s0x478284bbf12ffcef:0x38da7260719dcafb!2m2!1d11.242762!2d46.4122022!3e2!5m2!1e1!1e4\" data-x-effect=\"{&quot;scroll&quot;:true,&quot;offsetTop&quot;:&quot;0%&quot;,&quot;offsetBottom&quot;:&quot;0%&quot;,&quot;behaviorScroll&quot;:&quot;fire-once&quot;}\" target=\"_blank\" rel=\"noopener\"><div class=\"x-anchor-content\"><div class=\"x-anchor-text\"><span class=\"x-anchor-text-primary\">Calcolare percorso<\/span><\/div><\/div><\/a><\/div><\/div><\/div><div class=\"x-row x-container max width e2768842-e34 m1ncga-f m1ncga-i m1ncga-j m1ncga-k m1ncga-l m1ncga-n m1ncga-t m1ncga-12 m1ncga-8 m1ncga-9 m1ncga-a x-effect-exit\" data-x-effect=\"{&quot;scroll&quot;:true,&quot;offsetTop&quot;:&quot;0px&quot;,&quot;offsetBottom&quot;:&quot;0%&quot;,&quot;behaviorScroll&quot;:&quot;fire-once&quot;}\"><div class=\"x-row-inner\"><div class=\"x-col e2768842-e35 m1ncga-18 m1ncga-19 m1ncga-1a\"><div class=\"x-text x-text-headline e2768842-e36-v0 m1ncga-1f m1ncga-1g\"><div class=\"x-text-content\"><div class=\"x-text-content-text\"><h3 class=\"x-text-content-text-primary\">In macchina<\/h3>\n<\/div><\/div><\/div><div class=\"x-text x-content e2768842-e37 m1ncga-1j m1ncga-1k m1ncga-1l m1ncga-1m m1ncga-8 m1ncga-b m1ncga-c x-effect-exit\" data-x-effect=\"{&quot;scroll&quot;:true,&quot;offsetTop&quot;:&quot;0%&quot;,&quot;offsetBottom&quot;:&quot;0%&quot;,&quot;behaviorScroll&quot;:&quot;fire-once&quot;}\"><p>provenendo da Sud dall\u2019autostrada A22 del Brennero:<\/p>\n\n<ul>\n \t<li>uscire a Egna \u2013 Ora \u2013 Termeno<\/li>\n \t<li>alla rotonda prima uscita in direzione Caldaro (SP 16)<\/li>\n \t<li>seguire le indicazioni per Caldaro (SP14)<\/li>\n \t<li>alla rotonda alla periferia sud del paese prendere la terza uscita e seguire la direzione \u201c<em>Caldaro centro<\/em>\u201d oppure parcheggio \"<em>P4\"<\/em>\u00a0(S\u00f6lva) (SP 15, \u00a0ca. 0,7km)<\/li>\n \t<li>l\u2018agriturismo S\u00f6lvahof si trova direttamente nel parcheggio \"<em>P4\" (S\u00f6lva)<\/em><\/li>\n<\/ul>\n<ul><\/ul><\/div><\/div><\/div><\/div><div class=\"x-row x-container max width e2768842-e38 m1ncga-f m1ncga-i m1ncga-j m1ncga-l m1ncga-n m1ncga-o m1ncga-r m1ncga-t m1ncga-13 m1ncga-8 m1ncga-9 m1ncga-a x-effect-exit\" data-x-effect=\"{&quot;scroll&quot;:true,&quot;offsetTop&quot;:&quot;0%&quot;,&quot;offsetBottom&quot;:&quot;0%&quot;,&quot;behaviorScroll&quot;:&quot;fire-once&quot;}\"><div class=\"x-row-inner\"><div class=\"x-col e2768842-e39 m1ncga-18 m1ncga-19 m1ncga-1a\"><div class=\"x-text x-text-headline e2768842-e40-v0 m1ncga-1f m1ncga-1g\"><div class=\"x-text-content\"><div class=\"x-text-content-text\"><h3 class=\"x-text-content-text-primary\">In treno<\/h3>\n<\/div><\/div><\/div><div class=\"x-text x-content e2768842-e41 m1ncga-1j m1ncga-1k m1ncga-1l m1ncga-1m m1ncga-8 m1ncga-b m1ncga-c x-effect-exit\" data-x-effect=\"{&quot;scroll&quot;:true,&quot;offsetTop&quot;:&quot;0%&quot;,&quot;offsetBottom&quot;:&quot;0%&quot;,&quot;behaviorScroll&quot;:&quot;fire-once&quot;}\"><p style=\"text-align: left;\"><span>Le stazioni ferroviarie pi\u00f9 vicine sono quelle di Bolzano e Ora; a vostra richiesta siamo lieti di venire a prendervi. <br \/>\n<\/span><a href=\"http:\/\/www.bolzanodintorni.info\/it\/info-servizi\/mobilita-come-arrivare\/come-arrivare.html?_ga=1.26959997.1981316883.1485030733\" target=\"_blank\" rel=\"noopener\">http:\/\/www.bolzanodintorni.info\/it\/info-servizi\/mobilita-come-arrivare\/<\/a><\/p>\n<p style=\"text-align: left;\"><b>Link:<br \/>\n<\/b><b><\/b><a href=\"https:\/\/www.thetrainline.com\/de\" target=\"_blank\" rel=\"noopener\">Trainline<\/a><br \/>\n<a href=\"http:\/\/www.trenitalia.com\/\" target=\"_blank\" rel=\"noopener\">Trenitalia<\/a><br \/>\n<a href=\"http:\/\/www.sii.bz.it\/\" target=\"_blank\" rel=\"noopener\"><\/a><\/p><\/div><\/div><\/div><\/div><div class=\"x-row x-container max width e2768842-e42 m1ncga-f m1ncga-i m1ncga-j m1ncga-l m1ncga-n m1ncga-s m1ncga-t m1ncga-14 m1ncga-8 m1ncga-9 m1ncga-a x-effect-exit\" data-x-effect=\"{&quot;scroll&quot;:true,&quot;offsetTop&quot;:&quot;0%&quot;,&quot;offsetBottom&quot;:&quot;0%&quot;,&quot;behaviorScroll&quot;:&quot;fire-once&quot;}\"><div class=\"x-row-inner\"><div class=\"x-col e2768842-e43 m1ncga-18 m1ncga-19 m1ncga-1a\"><div class=\"x-text x-text-headline e2768842-e44-v0 m1ncga-1f m1ncga-1g\"><div class=\"x-text-content\"><div class=\"x-text-content-text\"><h3 class=\"x-text-content-text-primary\">In aereo<\/h3>\n<\/div><\/div><\/div><div class=\"x-text x-content e2768842-e45 m1ncga-1j m1ncga-1k m1ncga-1l m1ncga-1m m1ncga-8 m1ncga-b m1ncga-c x-effect-exit\" data-x-effect=\"{&quot;scroll&quot;:true,&quot;offsetTop&quot;:&quot;0%&quot;,&quot;offsetBottom&quot;:&quot;0%&quot;,&quot;behaviorScroll&quot;:&quot;fire-once&quot;}\"><p>L\u2019aeroporto pi\u00f9 vicino \u00e8 quello di Verona\u00a0<em>\u201cValerio Catullo\u201d<\/em>: <a href=\"http:\/\/www.aeroportoverona.it\/\" target=\"_blank\" rel=\"noopener\">www.aeroportoverona.it<\/a> (a ca. 145 km da Caldaro)<\/p>\n<p>Gli aeroporti alternativi sono:<\/p>\n\n<ul>\n \t<li>Aeroporto Brescia-Montichiari <em>\u201dGabriele d\u2019Annunzio\u201d <\/em>(VBS): <a href=\"http:\/\/www.aeroportobrescia.it\/\" target=\"_blank\" rel=\"noopener\">www.aeroportobrescia.it<\/a> (a ca. 180 km da Caldaro)<\/li>\n \t<li>Aeroporto Bergamo <em>\u201cOrio al Serio\u201d<\/em><em>\u00a0<\/em> (BGY): <a href=\"https:\/\/www.milanbergamoairport.it\/\" target=\"_blank\" rel=\"noopener\">www.milanbergamoairport.it<\/a> (a ca. 230 km da Caldaro)<\/li>\n<\/ul>\n<p>Da questi aeroporti vengono organizzati transfer a cura di diverse agenzie che partono pi\u00f9 volte al giorno durante tutta la settimana. Per ulteriori info su orari, prezzi e prenotazioni on-line consultate queste pagine web:<\/p>\n\n<ul>\n \t<li>S\u00fcdtirol Bus: <a href=\"http:\/\/www.suedtirolbus.it\/\" target=\"_blank\" rel=\"noopener\">www.suedtirolbus.it<\/a><\/li>\n<\/ul><\/div><\/div><\/div><\/div><\/div><div class=\"x-row x-container max width e2768842-e46 m1ncga-f m1ncga-i m1ncga-j m1ncga-k m1ncga-l m1ncga-n m1ncga-t m1ncga-15\"><div class=\"x-row-inner\"><div class=\"x-col e2768842-e47 m1ncga-18 m1ncga-19 m1ncga-1a\"><span class=\"x-image e2768842-e48 m1ncga-1t m1ncga-8 m1ncga-d x-effect-exit\" data-x-effect=\"{&quot;scroll&quot;:true,&quot;offsetTop&quot;:&quot;10%&quot;,&quot;offsetBottom&quot;:&quot;10%&quot;,&quot;behaviorScroll&quot;:&quot;fire-once&quot;}\"><img decoding=\"async\" src=\"https:\/\/www.soelvahof.com\/img\/sh_content_1440_map_3d.jpg\" width=\"1440\" height=\"690\" alt=\"Image\"><\/span><\/div><\/div><\/div><div class=\"x-section e2768842-e49 m1ncga-0 m1ncga-1 m1ncga-6 m1ncga-7\"><div class=\"x-row x-container max width e2768842-e50-v0 m1ncga-f m1ncga-i m1ncga-n m1ncga-o m1ncga-p m1ncga-q m1ncga-z m1ncga-16 m1ncga-8 m1ncga-9 m1ncga-a x-effect-exit\" data-x-effect=\"{&quot;scroll&quot;:true,&quot;offsetTop&quot;:&quot;0px&quot;,&quot;offsetBottom&quot;:&quot;0%&quot;,&quot;behaviorScroll&quot;:&quot;fire-once&quot;}\"><div class=\"x-row-inner\"><div class=\"x-col e2768842-e50-v1 m1ncga-18 m1ncga-19 m1ncga-1a m1ncga-1c\"><hr class=\"x-line e2768842-e50-v2 m1ncga-1p m1ncga-1r\"\/><\/div><div class=\"x-col e2768842-e50-v3 m1ncga-18 m1ncga-19 m1ncga-1a m1ncga-1c\"><div class=\"x-text x-content e2768842-e50-v4 m1ncga-1i m1ncga-1j m1ncga-1n\">Forse le interessano queste pagine<\/div><\/div><\/div><\/div><div class=\"x-row x-container max width e2768842-e51 m1ncga-f m1ncga-i m1ncga-k m1ncga-n m1ncga-q m1ncga-z m1ncga-17\"><div class=\"x-row-inner\"><div class=\"x-col e2768842-e52 m1ncga-18 m1ncga-19 m1ncga-1a\"><div class=\"x-text x-content e2768842-e53 m1ncga-1j m1ncga-1k m1ncga-1m m1ncga-1o m1ncga-8 m1ncga-a m1ncga-e x-effect-exit\" data-x-effect=\"{&quot;scroll&quot;:true,&quot;offsetTop&quot;:&quot;0%&quot;,&quot;offsetBottom&quot;:&quot;0%&quot;,&quot;behaviorScroll&quot;:&quot;fire-once&quot;}\"><p><a href=\"http:\/\/www.provinz.bz.it\/verkehr\/default.asp\" target=\"_blank\" rel=\"noopener\"><i  class=\"x-icon x-icon-o-angle-right\" data-x-icon-o=\"&#xf105;\" aria-hidden=\"true\"><\/i> Le attuali segnalazioni sul traffico in Alto Adige si trovano qui.<\/a><a href=\"http:\/\/www.provinz.bz.it\/verkehr\/default.asp\" target=\"_blank\" rel=\"noopener\"><span class=\"text\"><br \/>\n<\/span><\/a><a href=\"http:\/\/www.sii.bz.it\/\" target=\"_blank\" rel=\"noopener\"><i  class=\"x-icon x-icon-o-angle-right\" data-x-icon-o=\"&#xf105;\" aria-hidden=\"true\"><\/i> Tutte le informazioni sul trasporto pubblico in Alto Adige le trovi qui.<\/a><\/p><\/div><\/div><\/div><\/div><\/div><\/div>","protected":false},"excerpt":{"rendered":"<p>HomeContatto e arrivo Come raggiungerci nel modo pi\u00f9 veloceQui troverete tutto il necessario per il vostro arrivo rapido e confortevole al S\u00f6lvahof.Il S\u00f6lvahof, la vostra destinazione per le prossime vacanze a Caldaro, si trova nella frazione di Caldaro Paese, a due passi dal centro storico. Potete raggiungerci comodamente in auto o, grazie alla nostra posizione eccellente e alle buone connessioni, &#8230;<\/p>\n","protected":false},"author":1,"featured_media":0,"parent":2768906,"menu_order":1,"comment_status":"closed","ping_status":"closed","template":"","meta":{"inline_featured_image":false,"footnotes":""},"class_list":["post-2768842","page","type-page","status-publish","hentry","no-post-thumbnail"],"_links":{"self":[{"href":"https:\/\/www.soelvahof.com\/it\/wp-json\/wp\/v2\/pages\/2768842","targetHints":{"allow":["GET"]}}],"collection":[{"href":"https:\/\/www.soelvahof.com\/it\/wp-json\/wp\/v2\/pages"}],"about":[{"href":"https:\/\/www.soelvahof.com\/it\/wp-json\/wp\/v2\/types\/page"}],"author":[{"embeddable":true,"href":"https:\/\/www.soelvahof.com\/it\/wp-json\/wp\/v2\/users\/1"}],"replies":[{"embeddable":true,"href":"https:\/\/www.soelvahof.com\/it\/wp-json\/wp\/v2\/comments?post=2768842"}],"version-history":[{"count":7,"href":"https:\/\/www.soelvahof.com\/it\/wp-json\/wp\/v2\/pages\/2768842\/revisions"}],"predecessor-version":[{"id":2769254,"href":"https:\/\/www.soelvahof.com\/it\/wp-json\/wp\/v2\/pages\/2768842\/revisions\/2769254"}],"up":[{"embeddable":true,"href":"https:\/\/www.soelvahof.com\/it\/wp-json\/wp\/v2\/pages\/2768906"}],"wp:attachment":[{"href":"https:\/\/www.soelvahof.com\/it\/wp-json\/wp\/v2\/media?parent=2768842"}],"curies":[{"name":"wp","href":"https:\/\/api.w.org\/{rel}","templated":true}]}}